{"id":1456,"date":"2020-10-04T20:30:43","date_gmt":"2020-10-04T18:30:43","guid":{"rendered":"https:\/\/www.reservistenkrug.gallery\/homepage\/"},"modified":"2021-12-13T11:10:46","modified_gmt":"2021-12-13T10:10:46","slug":"homepage","status":"publish","type":"page","link":"https:\/\/www.reservistenkrug.gallery\/en\/","title":{"rendered":"Homepage"},"content":{"rendered":"\n<style type=\"text\/css\" data-created_by=\"avia_inline_auto\" id=\"style-css-av-1hyol-43f0b312f98603c38666f25f2b96744a\">\n.avia-section.av-1hyol-43f0b312f98603c38666f25f2b96744a{\nbackground-repeat:no-repeat;\nbackground-image:url(https:\/\/www.reservistenkrug.gallery\/wp-content\/uploads\/2020\/09\/3_esc_hus_regt_graf_goetzen_nr6_ratibor_1902_05_boiok_1.jpg);\nbackground-position:100% 100%;\nbackground-attachment:scroll;\n}\n<\/style>\n<div id='intro'  class='avia-section av-1hyol-43f0b312f98603c38666f25f2b96744a main_color avia-section-huge avia-no-border-styling  avia-builder-el-0  el_before_av_section  avia-builder-el-first  avia-full-contain avia-bg-style-scroll av-minimum-height av-minimum-height-100 av-height-100  container_wrap fullsize'  data-section-bg-repeat='contain' data-av_minimum_height_pc='100' data-av_min_height_opt='100'><div class='container av-section-cont-open' ><main  role=\"main\" itemprop=\"mainContentOfPage\"  class='template-page content  av-content-full alpha units'><div class='post-entry post-entry-type-page post-entry-1456'><div class='entry-content-wrapper clearfix'>\n\n<style type=\"text\/css\" data-created_by=\"avia_inline_auto\" id=\"style-css-av-kev4z07c-d82266e83811a9ff3f23c067d622c5d5\">\n.flex_column.av-kev4z07c-d82266e83811a9ff3f23c067d622c5d5{\nborder-radius:0px 0px 0px 0px;\npadding:0px 0px 0px 0px;\n}\n<\/style>\n<div  class='flex_column av-kev4z07c-d82266e83811a9ff3f23c067d622c5d5 av_one_full  avia-builder-el-1  el_before_av_one_third  avia-builder-el-first  first no_margin flex_column_div av-zero-column-padding  '     ><section  class='av_textblock_section av-19q5l-c631b3afb14d8c3590f834c1a67647f7 '   itemscope=\"itemscope\" itemtype=\"https:\/\/schema.org\/CreativeWork\" ><div class='avia_textblock'  itemprop=\"text\" ><h4>Myth of History<\/h4>\n<h2>Regimental Steins<\/h2>\n<\/div><\/section><\/div>\n<style type=\"text\/css\" data-created_by=\"avia_inline_auto\" id=\"style-css-av-kev4z07c-cb19d247e93ed719e913df0335bdd2be\">\n.flex_column.av-kev4z07c-cb19d247e93ed719e913df0335bdd2be{\nborder-radius:0px 0px 0px 0px;\npadding:0px 0px 0px 0px;\n}\n<\/style>\n<div  class='flex_column av-kev4z07c-cb19d247e93ed719e913df0335bdd2be av_one_third  avia-builder-el-3  el_after_av_one_full  el_before_av_one_full  first no_margin av-break-at-tablet flex_column_div av-zero-column-padding  column-top-margin'     ><section  class='av_textblock_section av-19q5l-c631b3afb14d8c3590f834c1a67647f7 '   itemscope=\"itemscope\" itemtype=\"https:\/\/schema.org\/CreativeWork\" ><div class='avia_textblock'  itemprop=\"text\" ><p>Formerly a souvenir of the soldiers\u2019 service, today valuable collector\u2019s items for lovers of historical art.<\/p>\n<\/div><\/section><\/div>\n<style type=\"text\/css\" data-created_by=\"avia_inline_auto\" id=\"style-css-av-kev4z07c-d82266e83811a9ff3f23c067d622c5d5\">\n.flex_column.av-kev4z07c-d82266e83811a9ff3f23c067d622c5d5{\nborder-radius:0px 0px 0px 0px;\npadding:0px 0px 0px 0px;\n}\n<\/style>\n<div  class='flex_column av-kev4z07c-d82266e83811a9ff3f23c067d622c5d5 av_one_full  avia-builder-el-5  el_after_av_one_third  avia-builder-el-last  first no_margin flex_column_div av-zero-column-padding  column-top-margin'     ><style type=\"text\/css\" data-created_by=\"avia_inline_auto\" id=\"style-css-av-ki8ws4sx-306a94ba69911c6a8d956baad44b451b\">\n.avia-image-container.av-ki8ws4sx-306a94ba69911c6a8d956baad44b451b img.avia_image{\nbox-shadow:none;\n}\n.avia-image-container.av-ki8ws4sx-306a94ba69911c6a8d956baad44b451b .av-image-caption-overlay-center{\ncolor:#ffffff;\n}\n<\/style>\n<div  class='avia-image-container av-ki8ws4sx-306a94ba69911c6a8d956baad44b451b av-styling- avia-align-center  avia-builder-el-6  avia-builder-el-no-sibling  av-desktop-hide'   itemprop=\"image\" itemscope=\"itemscope\" itemtype=\"https:\/\/schema.org\/ImageObject\" ><div class=\"avia-image-container-inner\"><div class=\"avia-image-overlay-wrap\"><img decoding=\"async\" fetchpriority=\"high\" class='wp-image-1084 avia-img-lazy-loading-not-1084 avia_image ' src=\"https:\/\/www.reservistenkrug.gallery\/wp-content\/uploads\/2020\/09\/3_esc_hus_regt_graf_goetzen_nr6_ratibor_1902_05_boiok_1-687x1030.jpg\" alt='Esc Hus. Rgt. Graf Goetzen Nr. 6 Ratibor' title='Esc Hus. Rgt. Graf Goetzen Nr. 6 Ratibor'  height=\"1030\" width=\"687\"  itemprop=\"thumbnailUrl\" srcset=\"https:\/\/www.reservistenkrug.gallery\/wp-content\/uploads\/2020\/09\/3_esc_hus_regt_graf_goetzen_nr6_ratibor_1902_05_boiok_1-687x1030.jpg 687w, https:\/\/www.reservistenkrug.gallery\/wp-content\/uploads\/2020\/09\/3_esc_hus_regt_graf_goetzen_nr6_ratibor_1902_05_boiok_1-200x300.jpg 200w, https:\/\/www.reservistenkrug.gallery\/wp-content\/uploads\/2020\/09\/3_esc_hus_regt_graf_goetzen_nr6_ratibor_1902_05_boiok_1-470x705.jpg 470w, https:\/\/www.reservistenkrug.gallery\/wp-content\/uploads\/2020\/09\/3_esc_hus_regt_graf_goetzen_nr6_ratibor_1902_05_boiok_1.jpg 700w\" sizes=\"(max-width: 687px) 100vw, 687px\" \/><\/div><\/div><\/div><\/div>\n\n<\/div><\/div><\/main><!-- close content main element --><\/div><\/div><div id='av_section_2'  class='avia-section av-kewiivjo-3664876ca63dcd3f7701b9c2c0f1d45e main_color avia-section-huge avia-no-border-styling  avia-builder-el-7  el_after_av_section  el_before_av_section  avia-bg-style-scroll container_wrap fullsize'  ><div class='container av-section-cont-open' ><div class='template-page content  av-content-full alpha units'><div class='post-entry post-entry-type-page post-entry-1456'><div class='entry-content-wrapper clearfix'>\n<div class='flex_column_table av-1ogeh-a497883ceb9fc89857a32400a843f5bc sc-av_one_half av-break-at-tablet-flextable av-equal-height-column-flextable'>\n<style type=\"text\/css\" data-created_by=\"avia_inline_auto\" id=\"style-css-av-1ogeh-a497883ceb9fc89857a32400a843f5bc\">\n.flex_column.av-1ogeh-a497883ceb9fc89857a32400a843f5bc{\nborder-radius:0px 0px 0px 0px;\npadding:0px 0px 0px 0px;\n}\n<\/style>\n<div  class='flex_column av-1ogeh-a497883ceb9fc89857a32400a843f5bc av_one_half  avia-builder-el-8  el_before_av_one_half  avia-builder-el-first  first av-break-at-tablet flex_column_table_cell av-equal-height-column av-align-middle av-animated-generic left-to-right av-zero-column-padding  '     ><style type=\"text\/css\" data-created_by=\"avia_inline_auto\" id=\"style-css-av-kewprqdp-4512b2a13f79997c9b9e4e2cd510cb8f\">\n.avia-image-container.av-kewprqdp-4512b2a13f79997c9b9e4e2cd510cb8f img.avia_image{\nbox-shadow:none;\n}\n.avia-image-container.av-kewprqdp-4512b2a13f79997c9b9e4e2cd510cb8f .av-image-caption-overlay-center{\ncolor:#ffffff;\n}\n<\/style>\n<div  class='avia-image-container av-kewprqdp-4512b2a13f79997c9b9e4e2cd510cb8f av-styling-no-styling avia-align-  avia-builder-el-9  avia-builder-el-no-sibling '   itemprop=\"image\" itemscope=\"itemscope\" itemtype=\"https:\/\/schema.org\/ImageObject\" ><div class=\"avia-image-container-inner\"><div class=\"avia-image-overlay-wrap\"><img decoding=\"async\" fetchpriority=\"high\" class='wp-image-1413 avia-img-lazy-loading-not-1413 avia_image ' src=\"https:\/\/www.reservistenkrug.gallery\/wp-content\/uploads\/china_krieg_und_erstuermung_d_taku_forts_6.jpg\" alt='' title='China\u2013Krieg und Erst\u00fcrmung des Taku Forts \u2013 6'  height=\"644\" width=\"966\"  itemprop=\"thumbnailUrl\" srcset=\"https:\/\/www.reservistenkrug.gallery\/wp-content\/uploads\/china_krieg_und_erstuermung_d_taku_forts_6.jpg 966w, https:\/\/www.reservistenkrug.gallery\/wp-content\/uploads\/china_krieg_und_erstuermung_d_taku_forts_6-300x200.jpg 300w, https:\/\/www.reservistenkrug.gallery\/wp-content\/uploads\/china_krieg_und_erstuermung_d_taku_forts_6-768x512.jpg 768w, https:\/\/www.reservistenkrug.gallery\/wp-content\/uploads\/china_krieg_und_erstuermung_d_taku_forts_6-705x470.jpg 705w\" sizes=\"(max-width: 966px) 100vw, 966px\" \/><\/div><\/div><\/div><\/div><div class='av-flex-placeholder'><\/div>\n<style type=\"text\/css\" data-created_by=\"avia_inline_auto\" id=\"style-css-av-1ogeh-3bde24144f4b6c6e4de7ad153c78ae6d\">\n.flex_column.av-1ogeh-3bde24144f4b6c6e4de7ad153c78ae6d{\nborder-radius:0px 0px 0px 0px;\npadding:0px 0px 0px 0px;\n}\n<\/style>\n<div  class='flex_column av-1ogeh-3bde24144f4b6c6e4de7ad153c78ae6d av_one_half  avia-builder-el-10  el_after_av_one_half  avia-builder-el-last  av-break-at-tablet flex_column_table_cell av-equal-height-column av-align-middle av-zero-column-padding  '     ><p>\n<style type=\"text\/css\" data-created_by=\"avia_inline_auto\" id=\"style-css-av-ki8xbnaw-5ceafee572ab044e62aa66dda70b5cf7\">\n#top .hr.hr-invisible.av-ki8xbnaw-5ceafee572ab044e62aa66dda70b5cf7{\nheight:50px;\n}\n<\/style>\n<div  class='hr av-ki8xbnaw-5ceafee572ab044e62aa66dda70b5cf7 hr-invisible  avia-builder-el-11  el_before_av_textblock  avia-builder-el-first  av-desktop-hide'><span class='hr-inner '><span class=\"hr-inner-style\"><\/span><\/span><\/div><br \/>\n<section  class='av_textblock_section av-kewihx68-3232bd65c6126d645d2610481895b32f '   itemscope=\"itemscope\" itemtype=\"https:\/\/schema.org\/CreativeWork\" ><div class='avia_textblock'  itemprop=\"text\" ><h4>The Regimental Steins of Imperial Germany<\/h4>\n<h2>Historical<\/h2>\n<\/div><\/section><br \/>\n<section  class='av_textblock_section av-19q5l-c631b3afb14d8c3590f834c1a67647f7 '   itemscope=\"itemscope\" itemtype=\"https:\/\/schema.org\/CreativeWork\" ><div class='avia_textblock'  itemprop=\"text\" ><p>Victory over France in the Franco-Prussian War of 1870\/71 brought with it an unexpected economic boom for the newly founded \u201cGerman Empire\u201d.<\/p>\n<p>Alsace-Lorraine was once again part of the German Empire. France\u2019s reparations helped the German Empire became the largest domestic economy in the world. The Imperial German soldiers from 1871 to 1918 were proud to serve the emperor, the empire and the people.<\/p>\n<\/div><\/section><br \/>\n<div  class='avia-button-wrap av-kewq19rm-c76674b21bb58da4b2da34a9c2752ec5-wrap avia-button-left  avia-builder-el-14  el_after_av_textblock  avia-builder-el-last '><a href='https:\/\/www.reservistenkrug.gallery\/en\/history\/'  class='avia-button av-kewq19rm-c76674b21bb58da4b2da34a9c2752ec5 av-link-btn avia-icon_select-no avia-size-small avia-position-left avia-color-theme-color'   aria-label=\"More information\"><span class='avia_iconbox_title' >More information<\/span><\/a><\/div><\/p><\/div><\/div><!--close column table wrapper. Autoclose: 1 -->\n\n<\/div><\/div><\/div><!-- close content main div --><\/div><\/div><div id='av_section_3'  class='avia-section av-kewiivjo-3664876ca63dcd3f7701b9c2c0f1d45e main_color avia-section-huge avia-no-border-styling  avia-builder-el-15  el_after_av_section  el_before_av_section  avia-bg-style-scroll container_wrap fullsize'  ><div class='container av-section-cont-open' ><div class='template-page content  av-content-full alpha units'><div class='post-entry post-entry-type-page post-entry-1456'><div class='entry-content-wrapper clearfix'>\n\n<style type=\"text\/css\" data-created_by=\"avia_inline_auto\" id=\"style-css-av-1ogeh-13c9afa29a9267cc3638bbe7b84c7180\">\n.flex_column.av-1ogeh-13c9afa29a9267cc3638bbe7b84c7180{\nborder-radius:0px 0px 0px 0px;\npadding:0px 0px 0px 0px;\n}\n<\/style>\n<div  class='flex_column av-1ogeh-13c9afa29a9267cc3638bbe7b84c7180 av_one_full  avia-builder-el-16  el_before_av_one_full  avia-builder-el-first  first flex_column_div av-zero-column-padding  '     ><section  class='av_textblock_section av-kewihx68-3232bd65c6126d645d2610481895b32f '   itemscope=\"itemscope\" itemtype=\"https:\/\/schema.org\/CreativeWork\" ><div class='avia_textblock'  itemprop=\"text\" ><h4>Beautiful, versatile, rare<\/h4>\n<h2>Stein collection<\/h2>\n<\/div><\/section><\/div>\n<style type=\"text\/css\" data-created_by=\"avia_inline_auto\" id=\"style-css-av-w7t9-7618241bfc0c911654351cd2697199cf\">\n.flex_column.av-w7t9-7618241bfc0c911654351cd2697199cf{\nborder-radius:0px 0px 0px 0px;\npadding:0px 0px 0px 0px;\n}\n<\/style>\n<div  class='flex_column av-w7t9-7618241bfc0c911654351cd2697199cf av_one_full  avia-builder-el-18  el_after_av_one_full  avia-builder-el-last  first flex_column_div av-zero-column-padding  column-top-margin'     ><p><section  class='av_textblock_section av-kfslmnbr-253ddd3ada3d4f7ed9b924685ee63756 '   itemscope=\"itemscope\" itemtype=\"https:\/\/schema.org\/CreativeWork\" ><div class='avia_textblock custom_portfo_filter'  itemprop=\"text\" ><p><a href=\"https:\/\/www.reservistenkrug.gallery\/en\/steins\/#alle_sort\">All<\/a> \/ <a href=\"https:\/\/www.reservistenkrug.gallery\/en\/steins\/#kolonial-china_sort\">Kolonial China<\/a> \/ <a href=\"https:\/\/www.reservistenkrug.gallery\/en\/steins\/#marine_sort\">Marine<\/a> \/ <a href=\"https:\/\/www.reservistenkrug.gallery\/en\/steins\/#flieger_sort\">Flieger<\/a> \/ <a href=\"https:\/\/www.reservistenkrug.gallery\/en\/steins\/#versuchskompanien_sort\">Versuchskompanien<\/a> \/ <a href=\"https:\/\/www.reservistenkrug.gallery\/en\/steins\/#kfz-einheiten_sort\">Kraftfahrzeugeinheiten<\/a> \/ <a href=\"https:\/\/www.reservistenkrug.gallery\/en\/steins\/#luftschiffe_sort\">Luftschiffer<\/a> \/ <a href=\"https:\/\/www.reservistenkrug.gallery\/en\/steins\/#pioniere_sort\">Pioniere<\/a> \/ <a href=\"https:\/\/www.reservistenkrug.gallery\/en\/steins\/#telegraphen_sort\">Telegraphen<\/a> \/ <a href=\"https:\/\/www.reservistenkrug.gallery\/en\/steins\/#mg-einheiten_sort\">Maschinengewehreinheiten<\/a> \/ <a href=\"https:\/\/www.reservistenkrug.gallery\/en\/steins\/#jaegere_sort\">J\u00e4ger<\/a> \/ <a href=\"https:\/\/www.reservistenkrug.gallery\/en\/steins\/#train_sort\">Train<\/a> \/ <a href=\"https:\/\/www.reservistenkrug.gallery\/en\/steins\/#kavallerie_sort\">Kavallerie<\/a> \/ <a href=\"https:\/\/www.reservistenkrug.gallery\/en\/steins\/#artillerie_sort\">Artillerie<\/a> \/ <a href=\"https:\/\/www.reservistenkrug.gallery\/en\/steins\/#infanterie_sort\">Infanterie<\/a> \/ <a href=\"https:\/\/www.reservistenkrug.gallery\/en\/steins\/#sonstige_sort\">Others<\/a><\/p>\n<\/div><\/section><br \/>\n<div class='portfolio_preview_container ' data-portfolio-id='1'><div class='ajax_controlls iconfont'><a href='#prev' class='ajax_previous avia-svg-icon avia-font-svg_entypo-fontello' data-av_svg_icon='left-open-mini' data-av_iconset='svg_entypo-fontello'><svg version=\"1.1\" xmlns=\"http:\/\/www.w3.org\/2000\/svg\" width=\"8\" height=\"32\" viewBox=\"0 0 8 32\" preserveAspectRatio=\"xMidYMid meet\" role=\"graphics-symbol\" aria-hidden=\"true\">\n<path d=\"M8.064 21.44q0.832 0.832 0 1.536-0.832 0.832-1.536 0l-6.144-6.208q-0.768-0.768 0-1.6l6.144-6.208q0.704-0.832 1.536 0 0.832 0.704 0 1.536l-4.992 5.504z\"><\/path>\n<\/svg><\/a><a href='#next' class='ajax_next avia-svg-icon avia-font-svg_entypo-fontello' data-av_svg_icon='right-open-mini' data-av_iconset='svg_entypo-fontello'><svg version=\"1.1\" xmlns=\"http:\/\/www.w3.org\/2000\/svg\" width=\"8\" height=\"32\" viewBox=\"0 0 8 32\" preserveAspectRatio=\"xMidYMid meet\" role=\"graphics-symbol\" aria-hidden=\"true\">\n<path d=\"M0.416 21.44l5.056-5.44-5.056-5.504q-0.832-0.832 0-1.536 0.832-0.832 1.536 0l6.144 6.208q0.768 0.832 0 1.6l-6.144 6.208q-0.704 0.832-1.536 0-0.832-0.704 0-1.536z\"><\/path>\n<\/svg><\/a><a href='#close' class='avia_close avia-svg-icon avia-font-svg_entypo-fontello' data-av_svg_icon='cancel-circled' data-av_iconset='svg_entypo-fontello'><svg version=\"1.1\" xmlns=\"http:\/\/www.w3.org\/2000\/svg\" width=\"27\" height=\"32\" viewBox=\"0 0 27 32\" preserveAspectRatio=\"xMidYMid meet\" role=\"graphics-symbol\" aria-hidden=\"true\">\n<path d=\"M13.44 2.56q5.568 0 9.504 3.936t3.936 9.504-3.936 9.504-9.504 3.936-9.504-3.936-3.936-9.504 3.936-9.504 9.504-3.936zM16.192 16l4.928-4.928-2.752-2.752-4.928 4.864-4.864-4.864-2.816 2.752 4.928 4.928-4.928 4.864 2.816 2.752 4.864-4.864 4.928 4.864 2.752-2.752z\"><\/path>\n<\/svg><\/a><\/div><div class=\"portfolio-details-inner\"><\/div><\/div><div  id=\"av-sc-portfolio-1\"  class=' grid-sort-container isotope   av-medium-columns-overwrite av-medium-columns-2 av-small-columns-overwrite av-small-columns-2 av-mini-columns-overwrite av-mini-columns-1 no_margin-container with-excerpt-container grid-total-even grid-col-4 grid-links-ajax' data-portfolio-id='1'><div data-ajax-id='1742' class=' grid-entry flex_column isotope-item all_sort no_margin post-entry post-entry-1742 grid-entry-overview grid-loop-1 grid-parity-odd  mg-division_sort  av_one_fourth first default_av_fullwidth '><article class='main_color inner-entry'  itemscope=\"itemscope\" itemtype=\"https:\/\/schema.org\/CreativeWork\" ><a href=\"https:\/\/www.reservistenkrug.gallery\/en\/portfolio-item\/maschinengewehr-abt-nr-2-bitsch\/\" title='Maschinengewehr-Abt. Nr. 2 Bitsch'  data-rel='grid-1' class='grid-image avia-hover-fx'> <img decoding=\"async\" fetchpriority=\"high\" width=\"700\" height=\"1050\" src=\"https:\/\/www.reservistenkrug.gallery\/wp-content\/uploads\/2020\/09\/maschinengewehr_abt_nr2_bitsch_1905_1907_albrecht_1.jpg\" class=\"wp-image-1161 avia-img-lazy-loading-not-1161 attachment-no scaling size-no scaling wp-post-image\" alt=\"Maschinengewehr-Abt. Nr. 2 Bitsch\" srcset=\"https:\/\/www.reservistenkrug.gallery\/wp-content\/uploads\/2020\/09\/maschinengewehr_abt_nr2_bitsch_1905_1907_albrecht_1.jpg 700w, https:\/\/www.reservistenkrug.gallery\/wp-content\/uploads\/2020\/09\/maschinengewehr_abt_nr2_bitsch_1905_1907_albrecht_1-200x300.jpg 200w, https:\/\/www.reservistenkrug.gallery\/wp-content\/uploads\/2020\/09\/maschinengewehr_abt_nr2_bitsch_1905_1907_albrecht_1-687x1030.jpg 687w, https:\/\/www.reservistenkrug.gallery\/wp-content\/uploads\/2020\/09\/maschinengewehr_abt_nr2_bitsch_1905_1907_albrecht_1-470x705.jpg 470w\" sizes=\"(max-width: 700px) 100vw, 700px\" \/><\/a><div class='grid-content'><div class='avia-arrow'><\/div><header class=\"entry-content-header\" aria-label=\"Portfolio: Maschinengewehr-Abt. Nr. 2 Bitsch\"><h3 class='grid-entry-title entry-title '  itemprop=\"headline\" ><a href='https:\/\/www.reservistenkrug.gallery\/en\/portfolio-item\/maschinengewehr-abt-nr-2-bitsch\/' title='Maschinengewehr-Abt. Nr. 2 Bitsch'>Maschinengewehr-Abt. Nr. 2 Bitsch<\/a><\/h3><\/header><div class='grid-entry-excerpt entry-content'  itemprop=\"text\" >1905 \u2013 1907<\/div><\/div><footer class=\"entry-footer\"><\/footer><\/article><\/div><div data-ajax-id='1719' class=' grid-entry flex_column isotope-item all_sort no_margin post-entry post-entry-1719 grid-entry-overview grid-loop-2 grid-parity-even  other_sort  av_one_fourth  default_av_fullwidth '><article class='main_color inner-entry'  itemscope=\"itemscope\" itemtype=\"https:\/\/schema.org\/CreativeWork\" ><a href=\"https:\/\/www.reservistenkrug.gallery\/en\/portfolio-item\/baecker-abteilung-d-xiii-armeekorps-koblenz\/\" title='B\u00e4cker-Abteilung d. XIII Armeekorps Koblenz'  data-rel='grid-1' class='grid-image avia-hover-fx'> <img decoding=\"async\" fetchpriority=\"high\" width=\"700\" height=\"1050\" src=\"https:\/\/www.reservistenkrug.gallery\/wp-content\/uploads\/baecker_abtl_d_13_armeekorps_koblenz_1910_1912_hans_1.jpg\" class=\"wp-image-1268 avia-img-lazy-loading-not-1268 attachment-no scaling size-no scaling wp-post-image\" alt=\"B\u00e4cker-Abteilung d. XIII Armeekorps Koblenz\" srcset=\"https:\/\/www.reservistenkrug.gallery\/wp-content\/uploads\/baecker_abtl_d_13_armeekorps_koblenz_1910_1912_hans_1.jpg 700w, https:\/\/www.reservistenkrug.gallery\/wp-content\/uploads\/baecker_abtl_d_13_armeekorps_koblenz_1910_1912_hans_1-200x300.jpg 200w, https:\/\/www.reservistenkrug.gallery\/wp-content\/uploads\/baecker_abtl_d_13_armeekorps_koblenz_1910_1912_hans_1-687x1030.jpg 687w, https:\/\/www.reservistenkrug.gallery\/wp-content\/uploads\/baecker_abtl_d_13_armeekorps_koblenz_1910_1912_hans_1-470x705.jpg 470w\" sizes=\"(max-width: 700px) 100vw, 700px\" \/><\/a><div class='grid-content'><div class='avia-arrow'><\/div><header class=\"entry-content-header\" aria-label=\"Portfolio: B\u00e4cker-Abteilung d. XIII Armeekorps Koblenz\"><h3 class='grid-entry-title entry-title '  itemprop=\"headline\" ><a href='https:\/\/www.reservistenkrug.gallery\/en\/portfolio-item\/baecker-abteilung-d-xiii-armeekorps-koblenz\/' title='B\u00e4cker-Abteilung d. XIII Armeekorps Koblenz'>B\u00e4cker-Abteilung d. XIII Armeekorps Koblenz<\/a><\/h3><\/header><div class='grid-entry-excerpt entry-content'  itemprop=\"text\" >1910 \u2013 1912<\/div><\/div><footer class=\"entry-footer\"><\/footer><\/article><\/div><div data-ajax-id='1657' class=' grid-entry flex_column isotope-item all_sort no_margin post-entry post-entry-1657 grid-entry-overview grid-loop-3 grid-parity-odd  kolonial-china-en_sort  av_one_fourth  default_av_fullwidth '><article class='main_color inner-entry'  itemscope=\"itemscope\" itemtype=\"https:\/\/schema.org\/CreativeWork\" ><a href=\"https:\/\/www.reservistenkrug.gallery\/en\/portfolio-item\/china-krieg-und-erstuermung-des-taku-forts\/\" title='China-Krieg und Erst\u00fcrmung des Taku Forts'  data-rel='grid-1' class='grid-image avia-hover-fx'> <img decoding=\"async\" fetchpriority=\"high\" width=\"700\" height=\"1050\" src=\"https:\/\/www.reservistenkrug.gallery\/wp-content\/uploads\/china_krieg_und_erstuermung_d_taku_forts_1.jpg\" class=\"wp-image-1408 avia-img-lazy-loading-not-1408 attachment-no scaling size-no scaling wp-post-image\" alt=\"China\u2013Krieg und Erst\u00fcrmung des Taku Forts\" srcset=\"https:\/\/www.reservistenkrug.gallery\/wp-content\/uploads\/china_krieg_und_erstuermung_d_taku_forts_1.jpg 700w, https:\/\/www.reservistenkrug.gallery\/wp-content\/uploads\/china_krieg_und_erstuermung_d_taku_forts_1-200x300.jpg 200w, https:\/\/www.reservistenkrug.gallery\/wp-content\/uploads\/china_krieg_und_erstuermung_d_taku_forts_1-687x1030.jpg 687w, https:\/\/www.reservistenkrug.gallery\/wp-content\/uploads\/china_krieg_und_erstuermung_d_taku_forts_1-470x705.jpg 470w\" sizes=\"(max-width: 700px) 100vw, 700px\" \/><\/a><div class='grid-content'><div class='avia-arrow'><\/div><header class=\"entry-content-header\" aria-label=\"Portfolio: China-Krieg und Erst\u00fcrmung des Taku Forts\"><h3 class='grid-entry-title entry-title '  itemprop=\"headline\" ><a href='https:\/\/www.reservistenkrug.gallery\/en\/portfolio-item\/china-krieg-und-erstuermung-des-taku-forts\/' title='China-Krieg und Erst\u00fcrmung des Taku Forts'>China-Krieg und Erst\u00fcrmung des Taku Forts<\/a><\/h3><\/header><div class='grid-entry-excerpt entry-content'  itemprop=\"text\" >1901<\/div><\/div><footer class=\"entry-footer\"><\/footer><\/article><\/div><div data-ajax-id='1727' class=' grid-entry flex_column isotope-item all_sort no_margin post-entry post-entry-1727 grid-entry-overview grid-loop-4 grid-parity-even  pioneers_sort  av_one_fourth  default_av_fullwidth '><article class='main_color inner-entry'  itemscope=\"itemscope\" itemtype=\"https:\/\/schema.org\/CreativeWork\" ><a href=\"https:\/\/www.reservistenkrug.gallery\/en\/portfolio-item\/2-comp-wuertt-pionier-batl-nr-13-ulm\/\" title='2. Comp. W\u00fcrtt. Pionier Batl. No. 13 Ulm &#8220;Headlight train&#8221;'  data-rel='grid-1' class='grid-image avia-hover-fx'> <img decoding=\"async\" fetchpriority=\"high\" width=\"700\" height=\"1050\" src=\"https:\/\/www.reservistenkrug.gallery\/wp-content\/uploads\/2_comp_wuertt_pionier_batl_nr13_ulm_1911_1913_schaefer_1.jpg\" class=\"wp-image-1221 avia-img-lazy-loading-not-1221 attachment-no scaling size-no scaling wp-post-image\" alt=\"2. Comp. W\u00fcrtt. Pionier Batl. Nr. 13 Ulm\" srcset=\"https:\/\/www.reservistenkrug.gallery\/wp-content\/uploads\/2_comp_wuertt_pionier_batl_nr13_ulm_1911_1913_schaefer_1.jpg 700w, https:\/\/www.reservistenkrug.gallery\/wp-content\/uploads\/2_comp_wuertt_pionier_batl_nr13_ulm_1911_1913_schaefer_1-200x300.jpg 200w, https:\/\/www.reservistenkrug.gallery\/wp-content\/uploads\/2_comp_wuertt_pionier_batl_nr13_ulm_1911_1913_schaefer_1-687x1030.jpg 687w, https:\/\/www.reservistenkrug.gallery\/wp-content\/uploads\/2_comp_wuertt_pionier_batl_nr13_ulm_1911_1913_schaefer_1-470x705.jpg 470w\" sizes=\"(max-width: 700px) 100vw, 700px\" \/><\/a><div class='grid-content'><div class='avia-arrow'><\/div><header class=\"entry-content-header\" aria-label=\"Portfolio: 2. Comp. W\u00fcrtt. Pionier Batl. No. 13 Ulm &#8220;Headlight train&#8221;\"><h3 class='grid-entry-title entry-title '  itemprop=\"headline\" ><a href='https:\/\/www.reservistenkrug.gallery\/en\/portfolio-item\/2-comp-wuertt-pionier-batl-nr-13-ulm\/' title='2. Comp. W\u00fcrtt. Pionier Batl. No. 13 Ulm &#8220;Headlight train&#8221;'>2. Comp. W\u00fcrtt. Pionier Batl. No. 13 Ulm &#8220;Headlight train&#8221;<\/a><\/h3><\/header><div class='grid-entry-excerpt entry-content'  itemprop=\"text\" >1911 \u2013 1913<\/div><\/div><footer class=\"entry-footer\"><\/footer><\/article><\/div><div data-ajax-id='1758' class=' grid-entry flex_column isotope-item all_sort no_margin post-entry post-entry-1758 grid-entry-overview grid-loop-5 grid-parity-odd  hunter_sort  av_one_fourth first default_av_fullwidth '><article class='main_color inner-entry'  itemscope=\"itemscope\" itemtype=\"https:\/\/schema.org\/CreativeWork\" ><a href=\"https:\/\/www.reservistenkrug.gallery\/en\/portfolio-item\/1-jaeger-bat-2-comp-kempten-straubing\/\" title='1. J\u00e4ger-Bat. 2. Comp. Kempten-Straubing'  data-rel='grid-1' class='grid-image avia-hover-fx'> <img decoding=\"async\" fetchpriority=\"high\" width=\"700\" height=\"1050\" src=\"https:\/\/www.reservistenkrug.gallery\/wp-content\/uploads\/2020\/09\/1_jaeger_bat_2_comp_kempten_straubing_96_97_eduard_gast_1.jpg\" class=\"wp-image-1061 avia-img-lazy-loading-not-1061 attachment-no scaling size-no scaling wp-post-image\" alt=\"1. J\u00e4ger-Bat. 2. Comp. Kempten-Straubing\" srcset=\"https:\/\/www.reservistenkrug.gallery\/wp-content\/uploads\/2020\/09\/1_jaeger_bat_2_comp_kempten_straubing_96_97_eduard_gast_1.jpg 700w, https:\/\/www.reservistenkrug.gallery\/wp-content\/uploads\/2020\/09\/1_jaeger_bat_2_comp_kempten_straubing_96_97_eduard_gast_1-200x300.jpg 200w, https:\/\/www.reservistenkrug.gallery\/wp-content\/uploads\/2020\/09\/1_jaeger_bat_2_comp_kempten_straubing_96_97_eduard_gast_1-687x1030.jpg 687w, https:\/\/www.reservistenkrug.gallery\/wp-content\/uploads\/2020\/09\/1_jaeger_bat_2_comp_kempten_straubing_96_97_eduard_gast_1-470x705.jpg 470w\" sizes=\"(max-width: 700px) 100vw, 700px\" \/><\/a><div class='grid-content'><div class='avia-arrow'><\/div><header class=\"entry-content-header\" aria-label=\"Portfolio: 1. J\u00e4ger-Bat. 2. Comp. Kempten-Straubing\"><h3 class='grid-entry-title entry-title '  itemprop=\"headline\" ><a href='https:\/\/www.reservistenkrug.gallery\/en\/portfolio-item\/1-jaeger-bat-2-comp-kempten-straubing\/' title='1. J\u00e4ger-Bat. 2. Comp. Kempten-Straubing'>1. J\u00e4ger-Bat. 2. Comp. Kempten-Straubing<\/a><\/h3><\/header><div class='grid-entry-excerpt entry-content'  itemprop=\"text\" >1896\/1897<\/div><\/div><footer class=\"entry-footer\"><\/footer><\/article><\/div><div data-ajax-id='1733' class=' grid-entry flex_column isotope-item all_sort no_margin post-entry post-entry-1733 grid-entry-overview grid-loop-6 grid-parity-even  infantry_sort  av_one_fourth  default_av_fullwidth '><article class='main_color inner-entry'  itemscope=\"itemscope\" itemtype=\"https:\/\/schema.org\/CreativeWork\" ><a href=\"https:\/\/www.reservistenkrug.gallery\/en\/portfolio-item\/5-comp-5-grossh-hess-inft-regt-nr-168-in-offenbach\/\" title='5. Comp. 5. Grossh. Hess. Inft. Regt. Nr. 168 in Offenbach'  data-rel='grid-1' class='grid-image avia-hover-fx'> <img decoding=\"async\" fetchpriority=\"high\" width=\"700\" height=\"1050\" src=\"https:\/\/www.reservistenkrug.gallery\/wp-content\/uploads\/5_comp_5_grossh_hess_inft_regt_nr168_offenbach_1909_1911_dahinten_1.jpg\" class=\"wp-image-1198 avia-img-lazy-loading-not-1198 attachment-no scaling size-no scaling wp-post-image\" alt=\"5. Comp. 5. Grossh. Hess. Inft. Regt. Nr. 168 in Offenbach\" srcset=\"https:\/\/www.reservistenkrug.gallery\/wp-content\/uploads\/5_comp_5_grossh_hess_inft_regt_nr168_offenbach_1909_1911_dahinten_1.jpg 700w, https:\/\/www.reservistenkrug.gallery\/wp-content\/uploads\/5_comp_5_grossh_hess_inft_regt_nr168_offenbach_1909_1911_dahinten_1-200x300.jpg 200w, https:\/\/www.reservistenkrug.gallery\/wp-content\/uploads\/5_comp_5_grossh_hess_inft_regt_nr168_offenbach_1909_1911_dahinten_1-687x1030.jpg 687w, https:\/\/www.reservistenkrug.gallery\/wp-content\/uploads\/5_comp_5_grossh_hess_inft_regt_nr168_offenbach_1909_1911_dahinten_1-470x705.jpg 470w\" sizes=\"(max-width: 700px) 100vw, 700px\" \/><\/a><div class='grid-content'><div class='avia-arrow'><\/div><header class=\"entry-content-header\" aria-label=\"Portfolio: 5. Comp. 5. Grossh. Hess. Inft. Regt. Nr. 168 in Offenbach\"><h3 class='grid-entry-title entry-title '  itemprop=\"headline\" ><a href='https:\/\/www.reservistenkrug.gallery\/en\/portfolio-item\/5-comp-5-grossh-hess-inft-regt-nr-168-in-offenbach\/' title='5. Comp. 5. Grossh. Hess. Inft. Regt. Nr. 168 in Offenbach'>5. Comp. 5. Grossh. Hess. Inft. Regt. Nr. 168 in Offenbach<\/a><\/h3><\/header><div class='grid-entry-excerpt entry-content'  itemprop=\"text\" >1909 \u2013 1911<\/div><\/div><footer class=\"entry-footer\"><\/footer><\/article><\/div><div data-ajax-id='1924' class=' grid-entry flex_column isotope-item all_sort no_margin post-entry post-entry-1924 grid-entry-overview grid-loop-7 grid-parity-odd  kolonial-china-en_sort marine-en_sort  av_one_fourth  default_av_fullwidth '><article class='main_color inner-entry'  itemscope=\"itemscope\" itemtype=\"https:\/\/schema.org\/CreativeWork\" ><a href=\"https:\/\/www.reservistenkrug.gallery\/en\/portfolio-item\/marinefeldbattailon-iii-see-batt-china-friedrich\/\" title='Marinefeldbattailon III \u2013 See Batt. China Friedrich'  data-rel='grid-1' class='grid-image avia-hover-fx'> <img decoding=\"async\" fetchpriority=\"high\" width=\"700\" height=\"1050\" src=\"https:\/\/www.reservistenkrug.gallery\/wp-content\/uploads\/marinefeldbatl_3_see_batt_china_1901_1904_friedrich_1.jpg\" class=\"wp-image-1380 avia-img-lazy-loading-not-1380 attachment-no scaling size-no scaling wp-post-image\" alt=\"Marinefeldbattailon III \u2013 See Batt. China\" srcset=\"https:\/\/www.reservistenkrug.gallery\/wp-content\/uploads\/marinefeldbatl_3_see_batt_china_1901_1904_friedrich_1.jpg 700w, https:\/\/www.reservistenkrug.gallery\/wp-content\/uploads\/marinefeldbatl_3_see_batt_china_1901_1904_friedrich_1-200x300.jpg 200w, https:\/\/www.reservistenkrug.gallery\/wp-content\/uploads\/marinefeldbatl_3_see_batt_china_1901_1904_friedrich_1-687x1030.jpg 687w, https:\/\/www.reservistenkrug.gallery\/wp-content\/uploads\/marinefeldbatl_3_see_batt_china_1901_1904_friedrich_1-470x705.jpg 470w\" sizes=\"(max-width: 700px) 100vw, 700px\" \/><\/a><div class='grid-content'><div class='avia-arrow'><\/div><header class=\"entry-content-header\" aria-label=\"Portfolio: Marinefeldbattailon III \u2013 See Batt. China Friedrich\"><h3 class='grid-entry-title entry-title '  itemprop=\"headline\" ><a href='https:\/\/www.reservistenkrug.gallery\/en\/portfolio-item\/marinefeldbattailon-iii-see-batt-china-friedrich\/' title='Marinefeldbattailon III \u2013 See Batt. China Friedrich'>Marinefeldbattailon III \u2013 See Batt. China Friedrich<\/a><\/h3><\/header><div class='grid-entry-excerpt entry-content'  itemprop=\"text\" >1902 \u2013 1905<\/div><\/div><footer class=\"entry-footer\"><\/footer><\/article><\/div><div data-ajax-id='1737' class=' grid-entry flex_column isotope-item all_sort no_margin post-entry post-entry-1737 grid-entry-overview grid-loop-8 grid-parity-even  cavalry_sort  av_one_fourth  default_av_fullwidth '><article class='main_color inner-entry'  itemscope=\"itemscope\" itemtype=\"https:\/\/schema.org\/CreativeWork\" ><a href=\"https:\/\/www.reservistenkrug.gallery\/en\/portfolio-item\/meldereiter-detachement-xi-armee-corps-langensalza\/\" title='Meldereiter Detachement XI Armee Corps Langensalza'  data-rel='grid-1' class='grid-image avia-hover-fx'> <img decoding=\"async\" fetchpriority=\"high\" width=\"700\" height=\"1050\" src=\"https:\/\/www.reservistenkrug.gallery\/wp-content\/uploads\/meldereiter_detachement_xi_armee_corps_langensalza_1900_1903_meyer_1.jpg\" class=\"wp-image-1208 avia-img-lazy-loading-not-1208 attachment-no scaling size-no scaling wp-post-image\" alt=\"Meldereiter Detachement XI Armee Corps Langensalza\" srcset=\"https:\/\/www.reservistenkrug.gallery\/wp-content\/uploads\/meldereiter_detachement_xi_armee_corps_langensalza_1900_1903_meyer_1.jpg 700w, https:\/\/www.reservistenkrug.gallery\/wp-content\/uploads\/meldereiter_detachement_xi_armee_corps_langensalza_1900_1903_meyer_1-200x300.jpg 200w, https:\/\/www.reservistenkrug.gallery\/wp-content\/uploads\/meldereiter_detachement_xi_armee_corps_langensalza_1900_1903_meyer_1-687x1030.jpg 687w, https:\/\/www.reservistenkrug.gallery\/wp-content\/uploads\/meldereiter_detachement_xi_armee_corps_langensalza_1900_1903_meyer_1-470x705.jpg 470w\" sizes=\"(max-width: 700px) 100vw, 700px\" \/><\/a><div class='grid-content'><div class='avia-arrow'><\/div><header class=\"entry-content-header\" aria-label=\"Portfolio: Meldereiter Detachement XI Armee Corps Langensalza\"><h3 class='grid-entry-title entry-title '  itemprop=\"headline\" ><a href='https:\/\/www.reservistenkrug.gallery\/en\/portfolio-item\/meldereiter-detachement-xi-armee-corps-langensalza\/' title='Meldereiter Detachement XI Armee Corps Langensalza'>Meldereiter Detachement XI Armee Corps Langensalza<\/a><\/h3><\/header><div class='grid-entry-excerpt entry-content'  itemprop=\"text\" >1907 \u2013 1909 <\/div><\/div><footer class=\"entry-footer\"><\/footer><\/article><\/div><div data-ajax-id='1684' class=' grid-entry flex_column isotope-item all_sort no_margin post-entry post-entry-1684 grid-entry-overview grid-loop-9 grid-parity-odd  airships_sort  av_one_fourth first default_av_fullwidth '><article class='main_color inner-entry'  itemscope=\"itemscope\" itemtype=\"https:\/\/schema.org\/CreativeWork\" ><a href=\"https:\/\/www.reservistenkrug.gallery\/en\/portfolio-item\/phoenix-luftschiffer-reserve-der-koenigl-luftschiffer-abtl-berlin\/\" title='Ph\u00f6nix \u2013 Luftschiffer Reserve der k\u00f6nigl. Luftschiffer-Abtl. Berlin'  data-rel='grid-1' class='grid-image avia-hover-fx'> <img decoding=\"async\" fetchpriority=\"high\" width=\"700\" height=\"1050\" src=\"https:\/\/www.reservistenkrug.gallery\/wp-content\/uploads\/phoenix_luftschiffer_reserve_d_kngl_luftschiffer_abtl_berlin_1884_1896_sehl_1.jpg\" class=\"wp-image-1335 avia-img-lazy-loading-not-1335 attachment-no scaling size-no scaling wp-post-image\" alt=\"Ph\u00f6nix \u2013 Luftschiffer Reserve der k\u00f6nigl. Luftschiffer-Abtl. Berlin\" srcset=\"https:\/\/www.reservistenkrug.gallery\/wp-content\/uploads\/phoenix_luftschiffer_reserve_d_kngl_luftschiffer_abtl_berlin_1884_1896_sehl_1.jpg 700w, https:\/\/www.reservistenkrug.gallery\/wp-content\/uploads\/phoenix_luftschiffer_reserve_d_kngl_luftschiffer_abtl_berlin_1884_1896_sehl_1-200x300.jpg 200w, https:\/\/www.reservistenkrug.gallery\/wp-content\/uploads\/phoenix_luftschiffer_reserve_d_kngl_luftschiffer_abtl_berlin_1884_1896_sehl_1-687x1030.jpg 687w, https:\/\/www.reservistenkrug.gallery\/wp-content\/uploads\/phoenix_luftschiffer_reserve_d_kngl_luftschiffer_abtl_berlin_1884_1896_sehl_1-470x705.jpg 470w\" sizes=\"(max-width: 700px) 100vw, 700px\" \/><\/a><div class='grid-content'><div class='avia-arrow'><\/div><header class=\"entry-content-header\" aria-label=\"Portfolio: Ph\u00f6nix \u2013 Luftschiffer Reserve der k\u00f6nigl. Luftschiffer-Abtl. Berlin\"><h3 class='grid-entry-title entry-title '  itemprop=\"headline\" ><a href='https:\/\/www.reservistenkrug.gallery\/en\/portfolio-item\/phoenix-luftschiffer-reserve-der-koenigl-luftschiffer-abtl-berlin\/' title='Ph\u00f6nix \u2013 Luftschiffer Reserve der k\u00f6nigl. Luftschiffer-Abtl. Berlin'>Ph\u00f6nix \u2013 Luftschiffer Reserve der k\u00f6nigl. Luftschiffer-Abtl. Berlin<\/a><\/h3><\/header><div class='grid-entry-excerpt entry-content'  itemprop=\"text\" >1894 \u2013 1896<\/div><\/div><footer class=\"entry-footer\"><\/footer><\/article><\/div><div data-ajax-id='1753' class=' grid-entry flex_column isotope-item all_sort no_margin post-entry post-entry-1753 grid-entry-overview grid-loop-10 grid-parity-even  cavalry_sort  av_one_fourth  default_av_fullwidth '><article class='main_color inner-entry'  itemscope=\"itemscope\" itemtype=\"https:\/\/schema.org\/CreativeWork\" ><a href=\"https:\/\/www.reservistenkrug.gallery\/en\/portfolio-item\/2-esc-2-leib-hus-regt-koenigin-victoria-von-preussen-nr-2-danzig-langfuhr\/\" title='2. Esc. 2. Leib Hus. Regt. K\u00f6nigin Victoria von Preu\u00dfen Nr.2 Danzig\u2013Langfuhr'  data-rel='grid-1' class='grid-image avia-hover-fx'> <img decoding=\"async\" fetchpriority=\"high\" width=\"700\" height=\"1050\" src=\"https:\/\/www.reservistenkrug.gallery\/wp-content\/uploads\/2020\/09\/2_esc_2_leib_hus_regt_koenigin_victoria_nr2_danzig_langfuhr_1912_adam_1_hoch.jpg\" class=\"wp-image-1116 avia-img-lazy-loading-not-1116 attachment-no scaling size-no scaling wp-post-image\" alt=\"2. Esc. 2. Leib Hus. Regt. K\u00f6nigin Victoria von Preu\u00dfen Nr.2 Danzig\u2013Langfuhr \u2013 Hoch\" srcset=\"https:\/\/www.reservistenkrug.gallery\/wp-content\/uploads\/2020\/09\/2_esc_2_leib_hus_regt_koenigin_victoria_nr2_danzig_langfuhr_1912_adam_1_hoch.jpg 700w, https:\/\/www.reservistenkrug.gallery\/wp-content\/uploads\/2020\/09\/2_esc_2_leib_hus_regt_koenigin_victoria_nr2_danzig_langfuhr_1912_adam_1_hoch-200x300.jpg 200w, https:\/\/www.reservistenkrug.gallery\/wp-content\/uploads\/2020\/09\/2_esc_2_leib_hus_regt_koenigin_victoria_nr2_danzig_langfuhr_1912_adam_1_hoch-687x1030.jpg 687w, https:\/\/www.reservistenkrug.gallery\/wp-content\/uploads\/2020\/09\/2_esc_2_leib_hus_regt_koenigin_victoria_nr2_danzig_langfuhr_1912_adam_1_hoch-470x705.jpg 470w\" sizes=\"(max-width: 700px) 100vw, 700px\" \/><\/a><div class='grid-content'><div class='avia-arrow'><\/div><header class=\"entry-content-header\" aria-label=\"Portfolio: 2. Esc. 2. Leib Hus. Regt. K\u00f6nigin Victoria von Preu\u00dfen Nr.2 Danzig\u2013Langfuhr\"><h3 class='grid-entry-title entry-title '  itemprop=\"headline\" ><a href='https:\/\/www.reservistenkrug.gallery\/en\/portfolio-item\/2-esc-2-leib-hus-regt-koenigin-victoria-von-preussen-nr-2-danzig-langfuhr\/' title='2. Esc. 2. Leib Hus. Regt. K\u00f6nigin Victoria von Preu\u00dfen Nr.2 Danzig\u2013Langfuhr'>2. Esc. 2. Leib Hus. Regt. K\u00f6nigin Victoria von Preu\u00dfen Nr.2 Danzig\u2013Langfuhr<\/a><\/h3><\/header><div class='grid-entry-excerpt entry-content'  itemprop=\"text\" >1912<\/div><\/div><footer class=\"entry-footer\"><\/footer><\/article><\/div><div data-ajax-id='1769' class=' grid-entry flex_column isotope-item all_sort no_margin post-entry post-entry-1769 grid-entry-overview grid-loop-11 grid-parity-odd  cavalry_sort  av_one_fourth  default_av_fullwidth '><article class='main_color inner-entry'  itemscope=\"itemscope\" itemtype=\"https:\/\/schema.org\/CreativeWork\" ><a href=\"https:\/\/www.reservistenkrug.gallery\/en\/portfolio-item\/3-esk-drag-rgt-nr-1-tilsit-2-esk-jaeger-rgt-zu-pferd-nr-10-angerburg\/\" title='3. Esc. Drag. Rgt. No. 1 Tilsit, 2nd Esc. J\u00e4ger Rgt. Zu Pferd Nr. 10 Angerburg'  data-rel='grid-1' class='grid-image avia-hover-fx'> <img decoding=\"async\" fetchpriority=\"high\" width=\"700\" height=\"1050\" src=\"https:\/\/www.reservistenkrug.gallery\/wp-content\/uploads\/2020\/09\/3_esk_drag_rgt_nr1_tilsit_1911_1912_adam_1.jpg\" class=\"wp-image-1123 avia-img-lazy-loading-not-1123 attachment-no scaling size-no scaling wp-post-image\" alt=\"3. Esk. Drag. Rgt. Nr. 1 Tilsit\" srcset=\"https:\/\/www.reservistenkrug.gallery\/wp-content\/uploads\/2020\/09\/3_esk_drag_rgt_nr1_tilsit_1911_1912_adam_1.jpg 700w, https:\/\/www.reservistenkrug.gallery\/wp-content\/uploads\/2020\/09\/3_esk_drag_rgt_nr1_tilsit_1911_1912_adam_1-200x300.jpg 200w, https:\/\/www.reservistenkrug.gallery\/wp-content\/uploads\/2020\/09\/3_esk_drag_rgt_nr1_tilsit_1911_1912_adam_1-687x1030.jpg 687w, https:\/\/www.reservistenkrug.gallery\/wp-content\/uploads\/2020\/09\/3_esk_drag_rgt_nr1_tilsit_1911_1912_adam_1-470x705.jpg 470w\" sizes=\"(max-width: 700px) 100vw, 700px\" \/><\/a><div class='grid-content'><div class='avia-arrow'><\/div><header class=\"entry-content-header\" aria-label=\"Portfolio: 3. Esc. Drag. Rgt. No. 1 Tilsit, 2nd Esc. J\u00e4ger Rgt. Zu Pferd Nr. 10 Angerburg\"><h3 class='grid-entry-title entry-title '  itemprop=\"headline\" ><a href='https:\/\/www.reservistenkrug.gallery\/en\/portfolio-item\/3-esk-drag-rgt-nr-1-tilsit-2-esk-jaeger-rgt-zu-pferd-nr-10-angerburg\/' title='3. Esc. Drag. Rgt. No. 1 Tilsit, 2nd Esc. J\u00e4ger Rgt. Zu Pferd Nr. 10 Angerburg'>3. Esc. Drag. Rgt. No. 1 Tilsit, 2nd Esc. J\u00e4ger Rgt. Zu Pferd Nr. 10 Angerburg<\/a><\/h3><\/header><div class='grid-entry-excerpt entry-content'  itemprop=\"text\" >1911 \u2013 1913\/1914<\/div><\/div><footer class=\"entry-footer\"><\/footer><\/article><\/div><div data-ajax-id='1773' class=' grid-entry flex_column isotope-item all_sort no_margin post-entry post-entry-1773 grid-entry-overview grid-loop-12 grid-parity-even  post-entry-last  cavalry_sort  av_one_fourth  default_av_fullwidth '><article class='main_color inner-entry'  itemscope=\"itemscope\" itemtype=\"https:\/\/schema.org\/CreativeWork\" ><a href=\"https:\/\/www.reservistenkrug.gallery\/en\/portfolio-item\/3-esk-kuerass-regt-graf-wrangel-ostpreussen-nr-3-in-koenigsberg\/\" title='3. Esc. K\u00fcrass. Regt. Graf Wrangel\/Ostpreu\u00dfen Nr. 3 in K\u00f6nigsberg'  data-rel='grid-1' class='grid-image avia-hover-fx'> <img decoding=\"async\" fetchpriority=\"high\" width=\"700\" height=\"1050\" src=\"https:\/\/www.reservistenkrug.gallery\/wp-content\/uploads\/2020\/09\/3_esk_kuerass_regt_graf_wrangel_nr3_koenigsberg_1906_1909_gustav_plehn_1.jpg\" class=\"wp-image-1128 avia-img-lazy-loading-not-1128 attachment-no scaling size-no scaling wp-post-image\" alt=\"3. Esk. K\u00fcrass. Regt. Graf Wrangel\/Ostpreu\u00dfen Nr. 3 in K\u00f6nigsberg\" srcset=\"https:\/\/www.reservistenkrug.gallery\/wp-content\/uploads\/2020\/09\/3_esk_kuerass_regt_graf_wrangel_nr3_koenigsberg_1906_1909_gustav_plehn_1.jpg 700w, https:\/\/www.reservistenkrug.gallery\/wp-content\/uploads\/2020\/09\/3_esk_kuerass_regt_graf_wrangel_nr3_koenigsberg_1906_1909_gustav_plehn_1-200x300.jpg 200w, https:\/\/www.reservistenkrug.gallery\/wp-content\/uploads\/2020\/09\/3_esk_kuerass_regt_graf_wrangel_nr3_koenigsberg_1906_1909_gustav_plehn_1-687x1030.jpg 687w, https:\/\/www.reservistenkrug.gallery\/wp-content\/uploads\/2020\/09\/3_esk_kuerass_regt_graf_wrangel_nr3_koenigsberg_1906_1909_gustav_plehn_1-470x705.jpg 470w\" sizes=\"(max-width: 700px) 100vw, 700px\" \/><\/a><div class='grid-content'><div class='avia-arrow'><\/div><header class=\"entry-content-header\" aria-label=\"Portfolio: 3. Esc. K\u00fcrass. Regt. Graf Wrangel\/Ostpreu\u00dfen Nr. 3 in K\u00f6nigsberg\"><h3 class='grid-entry-title entry-title '  itemprop=\"headline\" ><a href='https:\/\/www.reservistenkrug.gallery\/en\/portfolio-item\/3-esk-kuerass-regt-graf-wrangel-ostpreussen-nr-3-in-koenigsberg\/' title='3. Esc. K\u00fcrass. Regt. Graf Wrangel\/Ostpreu\u00dfen Nr. 3 in K\u00f6nigsberg'>3. Esc. K\u00fcrass. Regt. Graf Wrangel\/Ostpreu\u00dfen Nr. 3 in K\u00f6nigsberg<\/a><\/h3><\/header><div class='grid-entry-excerpt entry-content'  itemprop=\"text\" >1906 \u2013 1909<\/div><\/div><footer class=\"entry-footer\"><\/footer><\/article><\/div><\/div><div class='pagination-wrap  '><nav class='pagination'><span class='pagination-meta'>Page 1 of 6<\/span><span class='current'>1<\/span><a href='https:\/\/www.reservistenkrug.gallery\/en\/wp-json\/wp\/v2\/pages\/1456\/?avia-element-paging=2' class='inactive next_page' >2<\/a><a href='https:\/\/www.reservistenkrug.gallery\/en\/wp-json\/wp\/v2\/pages\/1456\/?avia-element-paging=3' class='inactive' >3<\/a><a href='https:\/\/www.reservistenkrug.gallery\/en\/wp-json\/wp\/v2\/pages\/1456\/?avia-element-paging=2'>&rsaquo;<\/a><a href='https:\/\/www.reservistenkrug.gallery\/en\/wp-json\/wp\/v2\/pages\/1456\/?avia-element-paging=6'>&raquo;<\/a><\/nav>\n<\/div><\/p><\/div><\/div><\/div><\/div><!-- close content main div --><\/div><\/div>\n<style type=\"text\/css\" data-created_by=\"avia_inline_auto\" id=\"style-css-av-kewiivjo-0a4f905977e84f9ae65367c42c383cf5\">\n.avia-section.av-kewiivjo-0a4f905977e84f9ae65367c42c383cf5 .av-parallax .av-parallax-inner{\nbackground-repeat:no-repeat;\nbackground-image:url(https:\/\/www.reservistenkrug.gallery\/wp-content\/uploads\/reservistenkrug-postkarte-luftschiffer-vorderseite.jpg);\nbackground-position:100% 50%;\nbackground-attachment:scroll;\n}\n<\/style>\n<div id='av_section_4'  class='avia-section av-kewiivjo-0a4f905977e84f9ae65367c42c383cf5 main_color avia-section-default avia-no-border-styling  avia-builder-el-21  el_after_av_section  el_before_av_section  av-medium-hide av-small-hide av-mini-hide avia-full-stretch av-parallax-section avia-bg-style-parallax av-minimum-height av-minimum-height-75 av-height-75  container_wrap fullsize'  data-section-bg-repeat='stretch' data-av_minimum_height_pc='75' data-av_min_height_opt='75'><div class='av-parallax' data-avia-parallax-ratio='0.3' ><div class='av-parallax-inner main_color avia-full-stretch'><\/div><\/div><div class='container av-section-cont-open' ><div class='template-page content  av-content-full alpha units'><div class='post-entry post-entry-type-page post-entry-1456'><div class='entry-content-wrapper clearfix'><\/p>\n<\/div><\/div><\/div><!-- close content main div --><\/div><\/div>\n<style type=\"text\/css\" data-created_by=\"avia_inline_auto\" id=\"style-css-av-kewiivjo-da642e54efe753b3ec8a0ebb17db3422\">\n.avia-section.av-kewiivjo-da642e54efe753b3ec8a0ebb17db3422{\nbackground-repeat:no-repeat;\nbackground-image:url(https:\/\/www.reservistenkrug.gallery\/wp-content\/uploads\/reservistenkrug-postkarte-luftschiffer-vorderseite.jpg);\nbackground-position:100% 50%;\nbackground-attachment:scroll;\n}\n<\/style>\n<div id='av_section_5'  class='avia-section av-kewiivjo-da642e54efe753b3ec8a0ebb17db3422 main_color avia-section-default avia-no-border-styling  avia-builder-el-22  el_after_av_section  el_before_av_section  av-desktop-hide avia-full-stretch avia-bg-style-scroll av-minimum-height av-minimum-height-50 av-height-50  container_wrap fullsize'  data-section-bg-repeat='stretch' data-av_minimum_height_pc='50' data-av_min_height_opt='50'><div class='container av-section-cont-open' ><div class='template-page content  av-content-full alpha units'><div class='post-entry post-entry-type-page post-entry-1456'><div class='entry-content-wrapper clearfix'>\n<\/div><\/div><\/div><!-- close content main div --><\/div><\/div><div id='av_section_6'  class='avia-section av-kewiivjo-3664876ca63dcd3f7701b9c2c0f1d45e main_color avia-section-huge avia-no-border-styling  avia-builder-el-23  el_after_av_section  avia-builder-el-last  avia-bg-style-scroll container_wrap fullsize'  ><div class='container av-section-cont-open' ><div class='template-page content  av-content-full alpha units'><div class='post-entry post-entry-type-page post-entry-1456'><div class='entry-content-wrapper clearfix'>\n<div class='flex_column_table av-1ogeh-24a0b06934a09d5f63870e9c73164c2c sc-av_two_fifth av-break-at-tablet-flextable av-equal-height-column-flextable'>\n<style type=\"text\/css\" data-created_by=\"avia_inline_auto\" id=\"style-css-av-1ogeh-24a0b06934a09d5f63870e9c73164c2c\">\n.flex_column.av-1ogeh-24a0b06934a09d5f63870e9c73164c2c{\nborder-radius:0px 0px 0px 0px;\npadding:0px 0px 0px 0px;\n}\n<\/style>\n<div  class='flex_column av-1ogeh-24a0b06934a09d5f63870e9c73164c2c av_two_fifth  avia-builder-el-24  el_before_av_three_fifth  avia-builder-el-first  first no_margin av-break-at-tablet flex_column_table_cell av-equal-height-column av-align-middle av-zero-column-padding  '     ><section  class='av_textblock_section av-kewihx68-3232bd65c6126d645d2610481895b32f '   itemscope=\"itemscope\" itemtype=\"https:\/\/schema.org\/CreativeWork\" ><div class='avia_textblock'  itemprop=\"text\" ><h4>Attention to detail<\/h4>\n<h2>Components<\/h2>\n<\/div><\/section><br \/>\n<section  id=\"zinndeckel\"  class='av_textblock_section av-kewihx68-b9bdae3832909b2308a42db98c436df1 '   itemscope=\"itemscope\" itemtype=\"https:\/\/schema.org\/CreativeWork\" ><div class='avia_textblock'  itemprop=\"text\" ><h6>The Tin Lid<\/h6>\n<p>The lid figure on the tin lid usually indicates the branch of service: artillery, cavalry, navy or machine gun division. The screw-on lids, some of which even have two threads, are particularly highly sought-after among collectors.<\/p>\n<\/div><\/section><br \/>\n<section  id=\"deckeldruecker\"  class='av_textblock_section av-kewihx68-0fa7154ba71366db5d499eb7bfcb6029 '   itemscope=\"itemscope\" itemtype=\"https:\/\/schema.org\/CreativeWork\" ><div class='avia_textblock'  itemprop=\"text\" ><h6>The Thumblift<\/h6>\n<p>The thumblift is often decorated with the Prussian eagle, the Baden griffin, the Bavarian or Hessian lion, the coat of arms of W\u00fcrttemberg or Saxony and many other versions such as a kneeling soldier taking aim.<\/p>\n<\/div><\/section><br \/>\n<section  id=\"krugkoerper\"  class='av_textblock_section av-kewihx68-93064323fc67c7353d079b20abb10959 '   itemscope=\"itemscope\" itemtype=\"https:\/\/schema.org\/CreativeWork\" ><div class='avia_textblock'  itemprop=\"text\" ><h6>The Body Of The Stein<\/h6>\n<p>The bodies of the steins are often decorated with scenes from the soldiers\u2019 day-to-day lives as well as views of the barracks or towns. Bivouac scenes, guard duties with sentry boxes, battle scenes, patrols, etc., are also common themes. In addition, the steins also often feature sayings associated with the life of a soldier, the reserve and the garrison or special events.<\/p>\n<\/div><\/section><\/p><\/div>\n<style type=\"text\/css\" data-created_by=\"avia_inline_auto\" id=\"style-css-av-w7t9-907d2a36be672a1212f47aeac662068a\">\n.flex_column.av-w7t9-907d2a36be672a1212f47aeac662068a{\nborder-radius:0px 0px 0px 0px;\npadding:0px 0px 0px 0px;\n}\n<\/style>\n<div  class='flex_column av-w7t9-907d2a36be672a1212f47aeac662068a av_three_fifth  avia-builder-el-29  el_after_av_two_fifth  avia-builder-el-last  no_margin av-break-at-tablet flex_column_table_cell av-equal-height-column av-align-middle av-animated-generic right-to-left av-zero-column-padding  '     ><style type=\"text\/css\" data-created_by=\"avia_inline_auto\" id=\"style-css-sub-av-kewkycqm-91628a2c7c7dc9f37af3cf294f142eda\">\n.av-hotspot-image-container .av-image-hotspot.av-2qg2l-7099247b46a4220fdc8a266414453d3a{\ntop:24.9%;\nleft:35.7%;\n}\n.av-hotspot-image-container .av-image-hotspot.av-2qg2l-7099247b46a4220fdc8a266414453d3a .av-image-hotspot_inner{\nbackground-color:#000000;\ncolor:#ffffff;\n}\n.av-hotspot-image-container .av-image-hotspot.av-2qg2l-7099247b46a4220fdc8a266414453d3a .av-image-hotspot-pulse{\nbackground-color:#000000;\n}\n.av-hotspot-image-container .av-image-hotspot.av-202ax-d443e66d3a09330698b24f45ebeedd87{\ntop:27.4%;\nleft:75%;\n}\n.av-hotspot-image-container .av-image-hotspot.av-202ax-d443e66d3a09330698b24f45ebeedd87 .av-image-hotspot_inner{\nbackground-color:#000000;\ncolor:#ffffff;\n}\n.av-hotspot-image-container .av-image-hotspot.av-202ax-d443e66d3a09330698b24f45ebeedd87 .av-image-hotspot-pulse{\nbackground-color:#000000;\n}\n.av-hotspot-image-container .av-image-hotspot.av-1d07l-f0762935e8c36d879662a4b0fa27a503{\ntop:61.8%;\nleft:22.8%;\n}\n.av-hotspot-image-container .av-image-hotspot.av-1d07l-f0762935e8c36d879662a4b0fa27a503 .av-image-hotspot_inner{\nbackground-color:#000000;\ncolor:#ffffff;\n}\n.av-hotspot-image-container .av-image-hotspot.av-1d07l-f0762935e8c36d879662a4b0fa27a503 .av-image-hotspot-pulse{\nbackground-color:#000000;\n}\n.av-hotspot-image-container .av-image-hotspot.av-zb5l-9d0f95f59a45009ec08493cfe2b0249f{\ntop:76.8%;\nleft:67.7%;\n}\n.av-hotspot-image-container .av-image-hotspot.av-zb5l-9d0f95f59a45009ec08493cfe2b0249f .av-image-hotspot_inner{\nbackground-color:#000000;\ncolor:#ffffff;\n}\n.av-hotspot-image-container .av-image-hotspot.av-zb5l-9d0f95f59a45009ec08493cfe2b0249f .av-image-hotspot-pulse{\nbackground-color:#000000;\n}\n<\/style>\n<div  class='av-hotspot-image-container av-kewkycqm-91628a2c7c7dc9f37af3cf294f142eda  avia-builder-el-30  avia-builder-el-no-sibling  av-hotspot-blank av-mobile-fallback-active  av-non-fullwidth-hotspot-image'  itemprop=\"image\" itemscope=\"itemscope\" itemtype=\"https:\/\/schema.org\/ImageObject\" ><div class='av-hotspot-container'><div class='av-hotspot-container-inner-cell'><div class='av-hotspot-container-inner-wrap'><div class='av-image-hotspot av-2qg2l-7099247b46a4220fdc8a266414453d3a av-image-hotspot-1 ' data-avia-tooltip-position='left' data-avia-tooltip-alignment='centered' data-avia-tooltip-class='av-tt-default-width av-tt-pos-left av-tt-align-centered  av-mobile-fallback-active  main_color av-tt-hotspot' data-avia-tooltip='&lt;p&gt;Tin Lid&lt;\/p&gt;\n'><a href=#zinndeckel  class='av-image-hotspot_inner'>1<\/a><div class='av-image-hotspot-pulse'><\/div><\/div><div class='av-image-hotspot av-202ax-d443e66d3a09330698b24f45ebeedd87 av-image-hotspot-2 ' data-avia-tooltip-position='right' data-avia-tooltip-alignment='centered' data-avia-tooltip-class='av-tt-default-width av-tt-pos-right av-tt-align-centered  av-mobile-fallback-active  main_color av-tt-hotspot' data-avia-tooltip='&lt;p&gt;Thumblift&lt;\/p&gt;\n'><a href=#deckeldruecker  class='av-image-hotspot_inner'>2<\/a><div class='av-image-hotspot-pulse'><\/div><\/div><div class='av-image-hotspot av-1d07l-f0762935e8c36d879662a4b0fa27a503 av-image-hotspot-3 ' data-avia-tooltip-position='left' data-avia-tooltip-alignment='centered' data-avia-tooltip-class='av-tt-default-width av-tt-pos-left av-tt-align-centered  av-mobile-fallback-active  main_color av-tt-hotspot' data-avia-tooltip='&lt;p&gt;Body&lt;\/p&gt;\n'><a href=#krugkoerper  class='av-image-hotspot_inner'>3<\/a><div class='av-image-hotspot-pulse'><\/div><\/div><div class='av-image-hotspot av-zb5l-9d0f95f59a45009ec08493cfe2b0249f av-image-hotspot-4 ' data-avia-tooltip-position='right' data-avia-tooltip-alignment='centered' data-avia-tooltip-class='av-tt-default-width av-tt-pos-right av-tt-align-centered  av-mobile-fallback-active  main_color av-tt-hotspot' data-avia-tooltip='&lt;p&gt;Names of the comrades&lt;\/p&gt;\n'><div class='av-image-hotspot_inner'>4<\/div><div class='av-image-hotspot-pulse'><\/div><\/div><img decoding=\"async\" fetchpriority=\"high\" class='wp-image-1084 avia-img-lazy-loading-not-1084 avia_image' src=\"https:\/\/www.reservistenkrug.gallery\/wp-content\/uploads\/2020\/09\/3_esc_hus_regt_graf_goetzen_nr6_ratibor_1902_05_boiok_1-687x1030.jpg\" alt='Esc Hus. Rgt. Graf Goetzen Nr. 6 Ratibor' title='Esc Hus. Rgt. Graf Goetzen Nr. 6 Ratibor'  height=\"1030\" width=\"687\"  itemprop=\"thumbnailUrl\" srcset=\"https:\/\/www.reservistenkrug.gallery\/wp-content\/uploads\/2020\/09\/3_esc_hus_regt_graf_goetzen_nr6_ratibor_1902_05_boiok_1-687x1030.jpg 687w, https:\/\/www.reservistenkrug.gallery\/wp-content\/uploads\/2020\/09\/3_esc_hus_regt_graf_goetzen_nr6_ratibor_1902_05_boiok_1-200x300.jpg 200w, https:\/\/www.reservistenkrug.gallery\/wp-content\/uploads\/2020\/09\/3_esc_hus_regt_graf_goetzen_nr6_ratibor_1902_05_boiok_1-470x705.jpg 470w, https:\/\/www.reservistenkrug.gallery\/wp-content\/uploads\/2020\/09\/3_esc_hus_regt_graf_goetzen_nr6_ratibor_1902_05_boiok_1.jpg 700w\" sizes=\"(max-width: 687px) 100vw, 687px\" \/><\/div><\/div><\/div><div class='av-hotspot-fallback-tooltip av-image-hotspot-1 '><div class=\"av-hotspot-fallback-tooltip-count\">1<div class=\"avia-arrow\"><\/div><\/div><div class=\"av-hotspot-fallback-tooltip-inner clearfix\"><p>\nTin Lid<\/p>\n<\/div><\/div><div class='av-hotspot-fallback-tooltip av-image-hotspot-2 '><div class=\"av-hotspot-fallback-tooltip-count\">2<div class=\"avia-arrow\"><\/div><\/div><div class=\"av-hotspot-fallback-tooltip-inner clearfix\"><p>\nThumblift<\/p>\n<\/div><\/div><div class='av-hotspot-fallback-tooltip av-image-hotspot-3 '><div class=\"av-hotspot-fallback-tooltip-count\">3<div class=\"avia-arrow\"><\/div><\/div><div class=\"av-hotspot-fallback-tooltip-inner clearfix\"><p>\nBody<\/p>\n<\/div><\/div><div class='av-hotspot-fallback-tooltip av-image-hotspot-4 '><div class=\"av-hotspot-fallback-tooltip-count\">4<div class=\"avia-arrow\"><\/div><\/div><div class=\"av-hotspot-fallback-tooltip-inner clearfix\"><p>\nNames of the comrades<\/p>\n<\/div><\/div><\/div><\/div><\/div><!--close column table wrapper. Autoclose: 1 -->\n\n","protected":false},"excerpt":{"rendered":"","protected":false},"author":1,"featured_media":0,"parent":0,"menu_order":0,"comment_status":"closed","ping_status":"closed","template":"","meta":{"footnotes":""},"class_list":["post-1456","page","type-page","status-publish","hentry"],"yoast_head":"<!-- This site is optimized with the Yoast SEO plugin v25.8 - https:\/\/yoast.com\/wordpress\/plugins\/seo\/ -->\n<title>Homepage &#8211; RESERVISTENKRUG.GALLERY<\/title>\n<meta name=\"description\" content=\"Formerly a souvenir of the soldiers\u2019 service, today valuable collector\u2019s items for lovers of historical art.\" \/>\n<meta name=\"robots\" content=\"index, follow, max-snippet:-1, max-image-preview:large, max-video-preview:-1\" \/>\n<link rel=\"canonical\" href=\"https:\/\/www.reservistenkrug.gallery\/en\/homepage\/\" \/>\n<meta property=\"og:locale\" content=\"en_US\" \/>\n<meta property=\"og:type\" content=\"article\" \/>\n<meta property=\"og:title\" content=\"Homepage &#8211; RESERVISTENKRUG.GALLERY\" \/>\n<meta property=\"og:description\" content=\"Formerly a souvenir of the soldiers\u2019 service, today valuable collector\u2019s items for lovers of historical art.\" \/>\n<meta property=\"og:url\" content=\"https:\/\/www.reservistenkrug.gallery\/en\/homepage\/\" \/>\n<meta property=\"og:site_name\" content=\"RESERVISTENKRUG.GALLERY\" \/>\n<meta property=\"article:modified_time\" content=\"2021-12-13T10:10:46+00:00\" \/>\n<meta name=\"twitter:card\" content=\"summary_large_image\" \/>\n<meta name=\"twitter:label1\" content=\"Est. reading time\" \/>\n\t<meta name=\"twitter:data1\" content=\"16 minutes\" \/>\n<script type=\"application\/ld+json\" class=\"yoast-schema-graph\">{\"@context\":\"https:\/\/schema.org\",\"@graph\":[{\"@type\":\"WebPage\",\"@id\":\"https:\/\/www.reservistenkrug.gallery\/en\/homepage\/\",\"url\":\"https:\/\/www.reservistenkrug.gallery\/en\/homepage\/\",\"name\":\"Homepage &#8211; RESERVISTENKRUG.GALLERY\",\"isPartOf\":{\"@id\":\"https:\/\/www.reservistenkrug.gallery\/#website\"},\"datePublished\":\"2020-10-04T18:30:43+00:00\",\"dateModified\":\"2021-12-13T10:10:46+00:00\",\"description\":\"Formerly a souvenir of the soldiers\u2019 service, today valuable collector\u2019s items for lovers of historical art.\",\"breadcrumb\":{\"@id\":\"https:\/\/www.reservistenkrug.gallery\/en\/homepage\/#breadcrumb\"},\"inLanguage\":\"en-US\",\"potentialAction\":[{\"@type\":\"ReadAction\",\"target\":[\"https:\/\/www.reservistenkrug.gallery\/en\/homepage\/\"]}]},{\"@type\":\"BreadcrumbList\",\"@id\":\"https:\/\/www.reservistenkrug.gallery\/en\/homepage\/#breadcrumb\",\"itemListElement\":[{\"@type\":\"ListItem\",\"position\":1,\"name\":\"Home\",\"item\":\"https:\/\/www.reservistenkrug.gallery\/en\/homepage\/\"},{\"@type\":\"ListItem\",\"position\":2,\"name\":\"Homepage\"}]},{\"@type\":\"WebSite\",\"@id\":\"https:\/\/www.reservistenkrug.gallery\/#website\",\"url\":\"https:\/\/www.reservistenkrug.gallery\/\",\"name\":\"RESERVISTENKRUG.GALLERY\",\"description\":\"\",\"potentialAction\":[{\"@type\":\"SearchAction\",\"target\":{\"@type\":\"EntryPoint\",\"urlTemplate\":\"https:\/\/www.reservistenkrug.gallery\/?s={search_term_string}\"},\"query-input\":{\"@type\":\"PropertyValueSpecification\",\"valueRequired\":true,\"valueName\":\"search_term_string\"}}],\"inLanguage\":\"en-US\"}]}<\/script>\n<!-- \/ Yoast SEO plugin. -->","yoast_head_json":{"title":"Homepage &#8211; RESERVISTENKRUG.GALLERY","description":"Formerly a souvenir of the soldiers\u2019 service, today valuable collector\u2019s items for lovers of historical art.","robots":{"index":"index","follow":"follow","max-snippet":"max-snippet:-1","max-image-preview":"max-image-preview:large","max-video-preview":"max-video-preview:-1"},"canonical":"https:\/\/www.reservistenkrug.gallery\/en\/homepage\/","og_locale":"en_US","og_type":"article","og_title":"Homepage &#8211; RESERVISTENKRUG.GALLERY","og_description":"Formerly a souvenir of the soldiers\u2019 service, today valuable collector\u2019s items for lovers of historical art.","og_url":"https:\/\/www.reservistenkrug.gallery\/en\/homepage\/","og_site_name":"RESERVISTENKRUG.GALLERY","article_modified_time":"2021-12-13T10:10:46+00:00","twitter_card":"summary_large_image","twitter_misc":{"Est. reading time":"16 minutes"},"schema":{"@context":"https:\/\/schema.org","@graph":[{"@type":"WebPage","@id":"https:\/\/www.reservistenkrug.gallery\/en\/homepage\/","url":"https:\/\/www.reservistenkrug.gallery\/en\/homepage\/","name":"Homepage &#8211; RESERVISTENKRUG.GALLERY","isPartOf":{"@id":"https:\/\/www.reservistenkrug.gallery\/#website"},"datePublished":"2020-10-04T18:30:43+00:00","dateModified":"2021-12-13T10:10:46+00:00","description":"Formerly a souvenir of the soldiers\u2019 service, today valuable collector\u2019s items for lovers of historical art.","breadcrumb":{"@id":"https:\/\/www.reservistenkrug.gallery\/en\/homepage\/#breadcrumb"},"inLanguage":"en-US","potentialAction":[{"@type":"ReadAction","target":["https:\/\/www.reservistenkrug.gallery\/en\/homepage\/"]}]},{"@type":"BreadcrumbList","@id":"https:\/\/www.reservistenkrug.gallery\/en\/homepage\/#breadcrumb","itemListElement":[{"@type":"ListItem","position":1,"name":"Home","item":"https:\/\/www.reservistenkrug.gallery\/en\/homepage\/"},{"@type":"ListItem","position":2,"name":"Homepage"}]},{"@type":"WebSite","@id":"https:\/\/www.reservistenkrug.gallery\/#website","url":"https:\/\/www.reservistenkrug.gallery\/","name":"RESERVISTENKRUG.GALLERY","description":"","potentialAction":[{"@type":"SearchAction","target":{"@type":"EntryPoint","urlTemplate":"https:\/\/www.reservistenkrug.gallery\/?s={search_term_string}"},"query-input":{"@type":"PropertyValueSpecification","valueRequired":true,"valueName":"search_term_string"}}],"inLanguage":"en-US"}]}},"_links":{"self":[{"href":"https:\/\/www.reservistenkrug.gallery\/en\/wp-json\/wp\/v2\/pages\/1456","targetHints":{"allow":["GET"]}}],"collection":[{"href":"https:\/\/www.reservistenkrug.gallery\/en\/wp-json\/wp\/v2\/pages"}],"about":[{"href":"https:\/\/www.reservistenkrug.gallery\/en\/wp-json\/wp\/v2\/types\/page"}],"author":[{"embeddable":true,"href":"https:\/\/www.reservistenkrug.gallery\/en\/wp-json\/wp\/v2\/users\/1"}],"replies":[{"embeddable":true,"href":"https:\/\/www.reservistenkrug.gallery\/en\/wp-json\/wp\/v2\/comments?post=1456"}],"version-history":[{"count":17,"href":"https:\/\/www.reservistenkrug.gallery\/en\/wp-json\/wp\/v2\/pages\/1456\/revisions"}],"predecessor-version":[{"id":2613,"href":"https:\/\/www.reservistenkrug.gallery\/en\/wp-json\/wp\/v2\/pages\/1456\/revisions\/2613"}],"wp:attachment":[{"href":"https:\/\/www.reservistenkrug.gallery\/en\/wp-json\/wp\/v2\/media?parent=1456"}],"curies":[{"name":"wp","href":"https:\/\/api.w.org\/{rel}","templated":true}]}}